{"id":9220,"date":"2020-11-24T08:52:34","date_gmt":"2020-11-24T07:52:34","guid":{"rendered":"https:\/\/new.dorbena.com\/loreiller-adequat\/"},"modified":"2020-11-24T08:52:35","modified_gmt":"2020-11-24T07:52:35","slug":"loreiller-adequat","status":"publish","type":"page","link":"https:\/\/www.dorbena.com\/fr\/loreiller-adequat\/","title":{"rendered":"L\u2019oreiller ad\u00e9quat"},"content":{"rendered":"<div id='av_section_1'  class='avia-section av-bsipe-8d94d94087e9ab92dd67de990041ca00 main_color avia-section-large avia-no-border-styling  avia-builder-el-0  avia-builder-el-no-sibling  avia-bg-style-scroll container_wrap fullsize'  ><div class='container av-section-cont-open' ><main  role=\"main\" itemprop=\"mainContentOfPage\"  class='template-page content  av-content-full alpha units'><div class='post-entry post-entry-type-page post-entry-9220'><div class='entry-content-wrapper clearfix'>\n\n<style type=\"text\/css\" data-created_by=\"avia_inline_auto\" id=\"style-css-av-9gc4k-f05ff0e8b1567b4e575ef33fd30eda4d\">\n#top .av-special-heading.av-9gc4k-f05ff0e8b1567b4e575ef33fd30eda4d{\npadding-bottom:50px;\n}\nbody .av-special-heading.av-9gc4k-f05ff0e8b1567b4e575ef33fd30eda4d .av-special-heading-tag .heading-char{\nfont-size:25px;\n}\n.av-special-heading.av-9gc4k-f05ff0e8b1567b4e575ef33fd30eda4d .av-subheading{\nfont-size:15px;\n}\n<\/style>\n<div  class='av-special-heading av-9gc4k-f05ff0e8b1567b4e575ef33fd30eda4d av-special-heading-h2 custom-color-heading blockquote modern-quote  avia-builder-el-1  el_before_av_textblock  avia-builder-el-first  av-linked-heading'><h2 class='av-special-heading-tag '  itemprop=\"headline\"  >S\u00e9lectionner l\u2019oreiller ad\u00e9quat \u00e0 l\u2019aide de l\u2019indice de soutien<\/h2><div class=\"special-heading-border\"><div class=\"special-heading-inner-border\"><\/div><\/div><\/div>\n<section  class='av_textblock_section av-k4cjf17w-fdbefc71da2014a505ce01eb231402a3 '   itemscope=\"itemscope\" itemtype=\"https:\/\/schema.org\/CreativeWork\" ><div class='avia_textblock'  itemprop=\"text\" ><h4>Qu\u2019est-ce que l\u2019indice de soutien\u00a0?<\/h4>\n<p>Les oreillers ont pour objectif de soutenir la t\u00eate et, ainsi, de soulager la colonne cervicale. Le soutien id\u00e9al d\u00e9pendant des habitudes de sommeil individuelles, DORBENA a d\u00e9velopp\u00e9 un indice de soutien que nous indiquons pour tout oreiller. Nous proposons nos mod\u00e8les d\u2019oreillers avec diff\u00e9rents degr\u00e9s de soutien\u00a0: low, medium, high et adjustable.<\/p>\n<\/div><\/section>\n\n<style type=\"text\/css\" data-created_by=\"avia_inline_auto\" id=\"style-css-av-8mnxu-275eb3caf96fdc69a3dd5ffa56d2d67e\">\n#top .hr.hr-invisible.av-8mnxu-275eb3caf96fdc69a3dd5ffa56d2d67e{\nheight:30px;\n}\n<\/style>\n<div  class='hr av-8mnxu-275eb3caf96fdc69a3dd5ffa56d2d67e hr-invisible  avia-builder-el-3  el_after_av_textblock  el_before_av_textblock '><span class='hr-inner '><span class=\"hr-inner-style\"><\/span><\/span><\/div>\n<section  class='av_textblock_section av-k4cjf17w-fdbefc71da2014a505ce01eb231402a3 '   itemscope=\"itemscope\" itemtype=\"https:\/\/schema.org\/CreativeWork\" ><div class='avia_textblock'  itemprop=\"text\" ><h4>Toutes les valeurs sont des valeurs indicatives destin\u00e9es \u00e0 faciliter le choix des duvets et oreillers.<\/h4>\n<\/div><\/section>\n\n<style type=\"text\/css\" data-created_by=\"avia_inline_auto\" id=\"style-css-av-27hqi4-b8f930a15d08603571db5c0d48e3af25\">\n.flex_column.av-27hqi4-b8f930a15d08603571db5c0d48e3af25{\nborder-radius:0px 0px 0px 0px;\npadding:0px 0px 0px 0px;\n}\n<\/style>\n<div  class='flex_column av-27hqi4-b8f930a15d08603571db5c0d48e3af25 av_one_half  avia-builder-el-5  el_after_av_textblock  el_before_av_one_half  first flex_column_div av-zero-column-padding  column-top-margin'     ><section  class='av_textblock_section av-jtigx353-2a2efedc426646fa2d637a27922ba9ee '   itemscope=\"itemscope\" itemtype=\"https:\/\/schema.org\/CreativeWork\" ><div class='avia_textblock'  itemprop=\"text\" ><div class=\"csc-header csc-header-n1\">\n<h4 class=\"csc-firstHeader\"><img loading=\"lazy\" decoding=\"async\" class=\"alignnone wp-image-8595\" src=\"https:\/\/www.dorbena.com\/wp-content\/uploads\/\/11-Kissen-low-Grafik-300x60.jpg\" alt=\"low\" width=\"497\" height=\"100\" srcset=\"https:\/\/www.dorbena.com\/wp-content\/uploads\/11-Kissen-low-Grafik-300x60.jpg 300w, https:\/\/www.dorbena.com\/wp-content\/uploads\/11-Kissen-low-Grafik-1024x206.jpg 1024w, https:\/\/www.dorbena.com\/wp-content\/uploads\/11-Kissen-low-Grafik-768x154.jpg 768w, https:\/\/www.dorbena.com\/wp-content\/uploads\/11-Kissen-low-Grafik-1536x309.jpg 1536w, https:\/\/www.dorbena.com\/wp-content\/uploads\/11-Kissen-low-Grafik-2048x412.jpg 2048w, https:\/\/www.dorbena.com\/wp-content\/uploads\/11-Kissen-low-Grafik-1500x302.jpg 1500w, https:\/\/www.dorbena.com\/wp-content\/uploads\/11-Kissen-low-Grafik-705x142.jpg 705w\" sizes=\"auto, (max-width: 497px) 100vw, 497px\" \/><\/h4>\n<h4 class=\"csc-firstHeader\">low<\/h4>\n<p>Oreiller moins garni, particuli\u00e8rement indiqu\u00e9 pour les personnes dormant sur le ventre et le dos.<\/p>\n<p class=\"csc-firstHeader\"><span style=\"font-size: 16px;\">\u00a0<\/span><\/p>\n<\/div>\n<\/div><\/section><\/div>\n<style type=\"text\/css\" data-created_by=\"avia_inline_auto\" id=\"style-css-av-27hqi4-bb0d5e810c61e8413fa036283919e172\">\n.flex_column.av-27hqi4-bb0d5e810c61e8413fa036283919e172{\nborder-radius:0px 0px 0px 0px;\npadding:0px 0px 0px 0px;\n}\n<\/style>\n<div  class='flex_column av-27hqi4-bb0d5e810c61e8413fa036283919e172 av_one_half  avia-builder-el-7  el_after_av_one_half  el_before_av_one_half  flex_column_div av-zero-column-padding  column-top-margin'     ><section  class='av_textblock_section av-jtigx353-2a2efedc426646fa2d637a27922ba9ee '   itemscope=\"itemscope\" itemtype=\"https:\/\/schema.org\/CreativeWork\" ><div class='avia_textblock'  itemprop=\"text\" ><div class=\"csc-header csc-header-n1\">\n<h4 class=\"csc-firstHeader\"><img loading=\"lazy\" decoding=\"async\" class=\"alignnone wp-image-8596\" src=\"https:\/\/www.dorbena.com\/wp-content\/uploads\/\/11-Kissen-medium-Grafik-300x60.jpg\" alt=\"medium\" width=\"497\" height=\"100\" srcset=\"https:\/\/www.dorbena.com\/wp-content\/uploads\/11-Kissen-medium-Grafik-300x60.jpg 300w, https:\/\/www.dorbena.com\/wp-content\/uploads\/11-Kissen-medium-Grafik-1024x206.jpg 1024w, https:\/\/www.dorbena.com\/wp-content\/uploads\/11-Kissen-medium-Grafik-768x154.jpg 768w, https:\/\/www.dorbena.com\/wp-content\/uploads\/11-Kissen-medium-Grafik-1536x309.jpg 1536w, https:\/\/www.dorbena.com\/wp-content\/uploads\/11-Kissen-medium-Grafik-2048x412.jpg 2048w, https:\/\/www.dorbena.com\/wp-content\/uploads\/11-Kissen-medium-Grafik-1500x302.jpg 1500w, https:\/\/www.dorbena.com\/wp-content\/uploads\/11-Kissen-medium-Grafik-705x142.jpg 705w\" sizes=\"auto, (max-width: 497px) 100vw, 497px\" \/><\/h4>\n<h4 class=\"csc-firstHeader\">medium<\/h4>\n<p>Oreiller moyennement garni, indiqu\u00e9 pour les personnes dormant sur le ventre, le dos et le c\u00f4t\u00e9.<\/p>\n<p class=\"csc-firstHeader\"><span style=\"font-size: 16px;\">\u00a0<\/span><\/p>\n<\/div>\n<\/div><\/section><\/div>\n<style type=\"text\/css\" data-created_by=\"avia_inline_auto\" id=\"style-css-av-27hqi4-b8f930a15d08603571db5c0d48e3af25\">\n.flex_column.av-27hqi4-b8f930a15d08603571db5c0d48e3af25{\nborder-radius:0px 0px 0px 0px;\npadding:0px 0px 0px 0px;\n}\n<\/style>\n<div  class='flex_column av-27hqi4-b8f930a15d08603571db5c0d48e3af25 av_one_half  avia-builder-el-9  el_after_av_one_half  el_before_av_one_half  first flex_column_div av-zero-column-padding  column-top-margin'     ><section  class='av_textblock_section av-jtigx353-2a2efedc426646fa2d637a27922ba9ee '   itemscope=\"itemscope\" itemtype=\"https:\/\/schema.org\/CreativeWork\" ><div class='avia_textblock'  itemprop=\"text\" ><div class=\"csc-header csc-header-n1\">\n<h4 class=\"csc-firstHeader\"><img loading=\"lazy\" decoding=\"async\" class=\"alignnone wp-image-8597\" src=\"https:\/\/www.dorbena.com\/wp-content\/uploads\/\/11-Kissen-high-Grafik-300x60.jpg\" alt=\"high\" width=\"497\" height=\"100\" srcset=\"https:\/\/www.dorbena.com\/wp-content\/uploads\/11-Kissen-high-Grafik-300x60.jpg 300w, https:\/\/www.dorbena.com\/wp-content\/uploads\/11-Kissen-high-Grafik-1024x206.jpg 1024w, https:\/\/www.dorbena.com\/wp-content\/uploads\/11-Kissen-high-Grafik-768x154.jpg 768w, https:\/\/www.dorbena.com\/wp-content\/uploads\/11-Kissen-high-Grafik-1536x309.jpg 1536w, https:\/\/www.dorbena.com\/wp-content\/uploads\/11-Kissen-high-Grafik-2048x412.jpg 2048w, https:\/\/www.dorbena.com\/wp-content\/uploads\/11-Kissen-high-Grafik-1500x302.jpg 1500w, https:\/\/www.dorbena.com\/wp-content\/uploads\/11-Kissen-high-Grafik-705x142.jpg 705w\" sizes=\"auto, (max-width: 497px) 100vw, 497px\" \/><\/h4>\n<h4 class=\"csc-firstHeader\">high<\/h4>\n<p>Oreiller plus garni, particuli\u00e8rement indiqu\u00e9 pour les personnes dormant sur le c\u00f4t\u00e9.<\/p>\n<p class=\"csc-firstHeader\"><span style=\"font-size: 16px;\">\u00a0<\/span><\/p>\n<\/div>\n<\/div><\/section><\/div>\n<style type=\"text\/css\" data-created_by=\"avia_inline_auto\" id=\"style-css-av-27hqi4-bb0d5e810c61e8413fa036283919e172\">\n.flex_column.av-27hqi4-bb0d5e810c61e8413fa036283919e172{\nborder-radius:0px 0px 0px 0px;\npadding:0px 0px 0px 0px;\n}\n<\/style>\n<div  class='flex_column av-27hqi4-bb0d5e810c61e8413fa036283919e172 av_one_half  avia-builder-el-11  el_after_av_one_half  el_before_av_hr  flex_column_div av-zero-column-padding  column-top-margin'     ><section  class='av_textblock_section av-jtigx353-2a2efedc426646fa2d637a27922ba9ee '   itemscope=\"itemscope\" itemtype=\"https:\/\/schema.org\/CreativeWork\" ><div class='avia_textblock'  itemprop=\"text\" ><div class=\"csc-header csc-header-n1\">\n<h4 class=\"csc-firstHeader\"><img loading=\"lazy\" decoding=\"async\" class=\"alignnone wp-image-8598\" src=\"https:\/\/www.dorbena.com\/wp-content\/uploads\/\/11-Kissen-adjustable-Grafik-300x60.jpg\" alt=\"adjustable\" width=\"497\" height=\"100\" srcset=\"https:\/\/www.dorbena.com\/wp-content\/uploads\/11-Kissen-adjustable-Grafik-300x60.jpg 300w, https:\/\/www.dorbena.com\/wp-content\/uploads\/11-Kissen-adjustable-Grafik-1024x206.jpg 1024w, https:\/\/www.dorbena.com\/wp-content\/uploads\/11-Kissen-adjustable-Grafik-768x154.jpg 768w, https:\/\/www.dorbena.com\/wp-content\/uploads\/11-Kissen-adjustable-Grafik-1536x309.jpg 1536w, https:\/\/www.dorbena.com\/wp-content\/uploads\/11-Kissen-adjustable-Grafik-2048x412.jpg 2048w, https:\/\/www.dorbena.com\/wp-content\/uploads\/11-Kissen-adjustable-Grafik-1500x302.jpg 1500w, https:\/\/www.dorbena.com\/wp-content\/uploads\/11-Kissen-adjustable-Grafik-705x142.jpg 705w\" sizes=\"auto, (max-width: 497px) 100vw, 497px\" \/><\/h4>\n<h4 class=\"csc-firstHeader\">adjustable<\/h4>\n<p>Oreiller remplissable, adaptable en hauteur, indiqu\u00e9 pour les personnes dormant sur le ventre, le dos et le c\u00f4t\u00e9.<\/p>\n<p class=\"csc-firstHeader\"><span style=\"font-size: 16px;\">\u00a0<\/span><\/p>\n<\/div>\n<\/div><\/section><\/div>\n<style type=\"text\/css\" data-created_by=\"avia_inline_auto\" id=\"style-css-av-8mnxu-ec721290e375c49c13b49a8b76d1d87a\">\n#top .hr.hr-invisible.av-8mnxu-ec721290e375c49c13b49a8b76d1d87a{\nheight:30px;\n}\n<\/style>\n<div  class='hr av-8mnxu-ec721290e375c49c13b49a8b76d1d87a hr-invisible  avia-builder-el-13  el_after_av_one_half  avia-builder-el-last '><span class='hr-inner '><span class=\"hr-inner-style\"><\/span><\/span><\/div>\n\n","protected":false},"excerpt":{"rendered":"","protected":false},"author":1,"featured_media":0,"parent":0,"menu_order":7,"comment_status":"closed","ping_status":"closed","template":"","meta":{"footnotes":""},"class_list":["post-9220","page","type-page","status-publish","hentry"],"yoast_head":"<!-- This site is optimized with the Yoast SEO plugin v27.1.1 - https:\/\/yoast.com\/product\/yoast-seo-wordpress\/ -->\n<title>L\u2019oreiller ad\u00e9quat - Duvets, Bettdecken, Kissen, Matratzenauflagen<\/title>\n<meta name=\"robots\" content=\"index, follow, max-snippet:-1, max-image-preview:large, max-video-preview:-1\" \/>\n<link rel=\"canonical\" href=\"https:\/\/www.dorbena.com\/fr\/loreiller-adequat\/\" \/>\n<meta property=\"og:locale\" content=\"fr_FR\" \/>\n<meta property=\"og:type\" content=\"article\" \/>\n<meta property=\"og:title\" content=\"L\u2019oreiller ad\u00e9quat - Duvets, Bettdecken, Kissen, Matratzenauflagen\" \/>\n<meta property=\"og:url\" content=\"https:\/\/www.dorbena.com\/fr\/loreiller-adequat\/\" \/>\n<meta property=\"og:site_name\" content=\"Duvets, Bettdecken, Kissen, Matratzenauflagen\" \/>\n<meta property=\"article:modified_time\" content=\"2020-11-24T07:52:35+00:00\" \/>\n<meta property=\"og:image\" content=\"https:\/\/www.dorbena.com\/wp-content\/uploads\/\/11-Kissen-low-Grafik-300x60.jpg\" \/>\n<meta name=\"twitter:card\" content=\"summary_large_image\" \/>\n<meta name=\"twitter:label1\" content=\"Dur\u00e9e de lecture estim\u00e9e\" \/>\n\t<meta name=\"twitter:data1\" content=\"5 minutes\" \/>\n<script type=\"application\/ld+json\" class=\"yoast-schema-graph\">{\"@context\":\"https:\/\/schema.org\",\"@graph\":[{\"@type\":\"WebPage\",\"@id\":\"https:\/\/www.dorbena.com\/fr\/loreiller-adequat\/\",\"url\":\"https:\/\/www.dorbena.com\/fr\/loreiller-adequat\/\",\"name\":\"L\u2019oreiller ad\u00e9quat - Duvets, Bettdecken, Kissen, Matratzenauflagen\",\"isPartOf\":{\"@id\":\"https:\/\/www.dorbena.com\/fr\/#website\"},\"primaryImageOfPage\":{\"@id\":\"https:\/\/www.dorbena.com\/fr\/loreiller-adequat\/#primaryimage\"},\"image\":{\"@id\":\"https:\/\/www.dorbena.com\/fr\/loreiller-adequat\/#primaryimage\"},\"thumbnailUrl\":\"https:\/\/www.dorbena.com\/wp-content\/uploads\/\/11-Kissen-low-Grafik-300x60.jpg\",\"datePublished\":\"2020-11-24T07:52:34+00:00\",\"dateModified\":\"2020-11-24T07:52:35+00:00\",\"breadcrumb\":{\"@id\":\"https:\/\/www.dorbena.com\/fr\/loreiller-adequat\/#breadcrumb\"},\"inLanguage\":\"fr-FR\",\"potentialAction\":[{\"@type\":\"ReadAction\",\"target\":[\"https:\/\/www.dorbena.com\/fr\/loreiller-adequat\/\"]}]},{\"@type\":\"ImageObject\",\"inLanguage\":\"fr-FR\",\"@id\":\"https:\/\/www.dorbena.com\/fr\/loreiller-adequat\/#primaryimage\",\"url\":\"https:\/\/www.dorbena.com\/wp-content\/uploads\/\/11-Kissen-low-Grafik-300x60.jpg\",\"contentUrl\":\"https:\/\/www.dorbena.com\/wp-content\/uploads\/\/11-Kissen-low-Grafik-300x60.jpg\"},{\"@type\":\"BreadcrumbList\",\"@id\":\"https:\/\/www.dorbena.com\/fr\/loreiller-adequat\/#breadcrumb\",\"itemListElement\":[{\"@type\":\"ListItem\",\"position\":1,\"name\":\"Startseite\",\"item\":\"https:\/\/www.dorbena.com\/fr\/\"},{\"@type\":\"ListItem\",\"position\":2,\"name\":\"L\u2019oreiller ad\u00e9quat\"}]},{\"@type\":\"WebSite\",\"@id\":\"https:\/\/www.dorbena.com\/fr\/#website\",\"url\":\"https:\/\/www.dorbena.com\/fr\/\",\"name\":\"Duvets, Bettdecken, Kissen, Matratzenauflagen\",\"description\":\"Dorbena AG Bettwarenfabrik\",\"potentialAction\":[{\"@type\":\"SearchAction\",\"target\":{\"@type\":\"EntryPoint\",\"urlTemplate\":\"https:\/\/www.dorbena.com\/fr\/?s={search_term_string}\"},\"query-input\":{\"@type\":\"PropertyValueSpecification\",\"valueRequired\":true,\"valueName\":\"search_term_string\"}}],\"inLanguage\":\"fr-FR\"}]}<\/script>\n<!-- \/ Yoast SEO plugin. -->","yoast_head_json":{"title":"L\u2019oreiller ad\u00e9quat - Duvets, Bettdecken, Kissen, Matratzenauflagen","robots":{"index":"index","follow":"follow","max-snippet":"max-snippet:-1","max-image-preview":"max-image-preview:large","max-video-preview":"max-video-preview:-1"},"canonical":"https:\/\/www.dorbena.com\/fr\/loreiller-adequat\/","og_locale":"fr_FR","og_type":"article","og_title":"L\u2019oreiller ad\u00e9quat - Duvets, Bettdecken, Kissen, Matratzenauflagen","og_url":"https:\/\/www.dorbena.com\/fr\/loreiller-adequat\/","og_site_name":"Duvets, Bettdecken, Kissen, Matratzenauflagen","article_modified_time":"2020-11-24T07:52:35+00:00","og_image":[{"url":"https:\/\/www.dorbena.com\/wp-content\/uploads\/\/11-Kissen-low-Grafik-300x60.jpg","type":"","width":"","height":""}],"twitter_card":"summary_large_image","twitter_misc":{"Dur\u00e9e de lecture estim\u00e9e":"5 minutes"},"schema":{"@context":"https:\/\/schema.org","@graph":[{"@type":"WebPage","@id":"https:\/\/www.dorbena.com\/fr\/loreiller-adequat\/","url":"https:\/\/www.dorbena.com\/fr\/loreiller-adequat\/","name":"L\u2019oreiller ad\u00e9quat - Duvets, Bettdecken, Kissen, Matratzenauflagen","isPartOf":{"@id":"https:\/\/www.dorbena.com\/fr\/#website"},"primaryImageOfPage":{"@id":"https:\/\/www.dorbena.com\/fr\/loreiller-adequat\/#primaryimage"},"image":{"@id":"https:\/\/www.dorbena.com\/fr\/loreiller-adequat\/#primaryimage"},"thumbnailUrl":"https:\/\/www.dorbena.com\/wp-content\/uploads\/\/11-Kissen-low-Grafik-300x60.jpg","datePublished":"2020-11-24T07:52:34+00:00","dateModified":"2020-11-24T07:52:35+00:00","breadcrumb":{"@id":"https:\/\/www.dorbena.com\/fr\/loreiller-adequat\/#breadcrumb"},"inLanguage":"fr-FR","potentialAction":[{"@type":"ReadAction","target":["https:\/\/www.dorbena.com\/fr\/loreiller-adequat\/"]}]},{"@type":"ImageObject","inLanguage":"fr-FR","@id":"https:\/\/www.dorbena.com\/fr\/loreiller-adequat\/#primaryimage","url":"https:\/\/www.dorbena.com\/wp-content\/uploads\/\/11-Kissen-low-Grafik-300x60.jpg","contentUrl":"https:\/\/www.dorbena.com\/wp-content\/uploads\/\/11-Kissen-low-Grafik-300x60.jpg"},{"@type":"BreadcrumbList","@id":"https:\/\/www.dorbena.com\/fr\/loreiller-adequat\/#breadcrumb","itemListElement":[{"@type":"ListItem","position":1,"name":"Startseite","item":"https:\/\/www.dorbena.com\/fr\/"},{"@type":"ListItem","position":2,"name":"L\u2019oreiller ad\u00e9quat"}]},{"@type":"WebSite","@id":"https:\/\/www.dorbena.com\/fr\/#website","url":"https:\/\/www.dorbena.com\/fr\/","name":"Duvets, Bettdecken, Kissen, Matratzenauflagen","description":"Dorbena AG Bettwarenfabrik","potentialAction":[{"@type":"SearchAction","target":{"@type":"EntryPoint","urlTemplate":"https:\/\/www.dorbena.com\/fr\/?s={search_term_string}"},"query-input":{"@type":"PropertyValueSpecification","valueRequired":true,"valueName":"search_term_string"}}],"inLanguage":"fr-FR"}]}},"_links":{"self":[{"href":"https:\/\/www.dorbena.com\/fr\/wp-json\/wp\/v2\/pages\/9220","targetHints":{"allow":["GET"]}}],"collection":[{"href":"https:\/\/www.dorbena.com\/fr\/wp-json\/wp\/v2\/pages"}],"about":[{"href":"https:\/\/www.dorbena.com\/fr\/wp-json\/wp\/v2\/types\/page"}],"author":[{"embeddable":true,"href":"https:\/\/www.dorbena.com\/fr\/wp-json\/wp\/v2\/users\/1"}],"replies":[{"embeddable":true,"href":"https:\/\/www.dorbena.com\/fr\/wp-json\/wp\/v2\/comments?post=9220"}],"version-history":[{"count":0,"href":"https:\/\/www.dorbena.com\/fr\/wp-json\/wp\/v2\/pages\/9220\/revisions"}],"wp:attachment":[{"href":"https:\/\/www.dorbena.com\/fr\/wp-json\/wp\/v2\/media?parent=9220"}],"curies":[{"name":"wp","href":"https:\/\/api.w.org\/{rel}","templated":true}]}}